{"id":123,"date":"2016-06-28T19:36:41","date_gmt":"2016-06-28T17:36:41","guid":{"rendered":"http:\/\/easyvallarta.altervista.org\/?page_id=123"},"modified":"2025-11-10T16:40:03","modified_gmt":"2025-11-10T15:40:03","slug":"listino","status":"publish","type":"page","link":"http:\/\/www.igeranibb.it\/de\/listino\/","title":{"rendered":"Listino"},"content":{"rendered":"<p><\/p>\n<p style=\"text-align: center;\"><span style=\"color: #008000;\"><strong>\u00dcberpr\u00fcfen Sie LAST MINUTE und aktualisierte Angebote auf der HOMEPAGE oder fragen Sie uns nach einem pers\u00f6nlichen Angebot<\/strong><\/span><\/p>\n<p style=\"text-align: center;\"><strong>Im WINTER wird das Fr\u00fchst\u00fcck im Wohnzimmer serviert, gro\u00df und hell mit Musik. Im SOMMER wird das Fr\u00fchst\u00fcck im Garten mit Brot, Butter, 3\/4 Sorten Marmelade, Kaffee oder Tee oder Gerste, Milch oder Saft, Obst der Saison serviert , Joghurt, Brot, M\u00fcsli, Zwieback oder Kekse, sardische S\u00fc\u00dfigkeiten oder Kuchen &#8230; auf Wunsch herzhaftes Fr\u00fchst\u00fcck oder bei kleinen Unvertr\u00e4glichkeiten<\/strong><\/p>\n<p style=\"text-align: center;\"><span style=\"color: #008000;\"><strong>ZEITPREISE IM DOPPELZIMMER F\u00dcR 2 PERSONEN<\/strong><\/span><br \/>\n<span style=\"color: #008000;\"><strong>1. Oktober &#8211; 31. M\u00e4rz \u20acuro 60 inkl. Heizung<\/strong><\/span><br \/>\n<span style=\"color: #008000;\"><strong>1. April &#8211; 31. Mai \u20acuro 62<\/strong><\/span><br \/>\n<span style=\"color: #008000;\"><strong>1. &#8211; 30. Juni \u20acuro 68<\/strong><\/span><br \/>\n<span style=\"color: #008000;\"><strong>1. &#8211; 26. Juli 75 \u20acuro<\/strong><\/span><br \/>\n<span style=\"color: #008000;\"><strong>27. Juli &#8211; 7. August \u20acuro 92<\/strong><\/span><br \/>\n<span style=\"color: #008000;\"><strong>8.\/22. August \u20acuro 100<\/strong><\/span><br \/>\n<span style=\"color: #008000;\"><strong>23.\/31. August \u20acuro 92<\/strong><\/span><br \/>\n<span style=\"color: #008000;\"><strong>1. &#8211; 30. September \u20acuro 68<\/strong><\/span><br \/>\n<span style=\"color: #008000;\"><strong>Feiertage \u20acuro 90<\/strong><\/span><\/p>\n<p style=\"text-align: center;\"><span style=\"color: #ff0000;\"><strong>ANGEBOT F\u00dcR AUFENTHALTE VON 3 N\u00c4CHTEN<\/strong><\/span><\/p>\n<p style=\"text-align: center;\"><span style=\"color: #ff0000;\"><strong>EINSCHLIESSLICH KLIMAANLAGE<\/strong><\/span><\/p>\n<p style=\"text-align: center;\"><span style=\"color: #ff0000;\"><strong>OHNE KOMMUNALKURTAXE<\/strong><\/span><\/p>\n<p style=\"text-align: center;\"><span style=\"color: #ff0000;\"><strong>5 \u20ac PRO TAG BEI AUFENTHALTEN VON WENIGER ALS 4 N\u00c4CHTEN<\/strong><\/span><\/p>\n<p style=\"text-align: center;\"><span style=\"color: #ff0000;\"><strong>FERRAGOSTO MINDESTENS 9 N\u00c4CHTE (zwischen 8 und 22\/8)<\/strong><\/span><\/p>\n<p style=\"text-align: center;\"><span style=\"color: #ff0000;\"><strong>1 \u20ac pro Person und Tag von April bis Juni und im September &#8211; 1,50 \u20ac pro Tag und Person vom 1. Juli bis 31. August<\/strong><\/span><\/p>\n<p style=\"text-align: center;\"><span style=\"color: #ff0000;\"><strong>BABY bis 2 Jahre auf Lettisch mit den Eltern kostenlos. Nutzung von COT + 15 \u20ac pro Tag<\/strong><\/span><\/p>\n<p style=\"text-align: center;\"><span style=\"color: #0000ff;\"><strong>EINZELBENUTZUNGSPREISE ZEITRAUM<\/strong><\/span><br \/>\n<span style=\"color: #0000ff;\"><strong>1. Oktober &#8211; 31. M\u00e4rz \u20acuro 48 inkl. Heizung<\/strong><\/span><br \/>\n<span style=\"color: #0000ff;\"><strong>1. April &#8211; 31. Mai \u20acuro 45<\/strong><\/span><br \/>\n<span style=\"color: #0000ff;\"><strong>1. &#8211; 30. Juni \u20acuro 50<\/strong><\/span><br \/>\n<span style=\"color: #0000ff;\"><strong>1. &#8211; 26. Juli \u20acuro 58<\/strong><\/span><br \/>\n<span style=\"color: #0000ff;\"><strong>27. Juli &#8211; 7. August \u20acuro 70<\/strong><\/span><br \/>\n<span style=\"color: #0000ff;\"><strong>8.\/22. August \u20acuro 80<\/strong><\/span><br \/>\n<span style=\"color: #0000ff;\"><strong>23.\/31. August \u20acuro 70<\/strong><\/span><br \/>\n<span style=\"color: #0000ff;\"><strong>1. &#8211; 30. September \u20acuro 50<\/strong><\/span><br \/>\n<span style=\"color: #0000ff;\"><strong>Feiertage \u20acuro 70<\/strong><\/span><\/p>\n<p style=\"text-align: center;\"><span style=\"color: #0000ff;\"><strong>DOPPELZIMMER ZUR EINZELNUTZUNG<\/strong><\/span><\/p>\n<p style=\"text-align: center;\"><span style=\"color: #800080;\"><strong>ZEITPREISE DREIFACH (2 Erwachsene + Kind &lt;12 Jahre)<\/strong><\/span><br \/>\n<span style=\"color: #800080;\"><strong>1. Oktober &#8211; 31. M\u00e4rz \u20acuro 75 inkl. Heizung<\/strong><\/span><br \/>\n<span style=\"color: #800080;\"><strong>1. April &#8211; 31. Mai \u20acuro 84<\/strong><\/span><br \/>\n<span style=\"color: #800080;\"><strong>1. &#8211; 30. Juni \u20acuro 90<\/strong><\/span><br \/>\n<span style=\"color: #800080;\"><strong>1. &#8211; 26. Juli \u20acuro 99<\/strong><\/span><br \/>\n<span style=\"color: #800080;\"><strong>27. Juli &#8211; 7. August \u20acuro 115<\/strong><\/span><br \/>\n<span style=\"color: #800080;\"><strong>8.\/22. August \u20acuro 125<\/strong><\/span><br \/>\n<span style=\"color: #800080;\"><strong>23.\/31. August \u20acuro 115<\/strong><\/span><br \/>\n<span style=\"color: #800080;\"><strong>1. &#8211; 30. September \u20acuro 90<\/strong><\/span><br \/>\n<span style=\"color: #800080;\"><strong>Feiertage \u20acuro 115<\/strong><\/span><\/p>\n<p style=\"text-align: center;\"><strong>I<span style=\"color: #800080;\">M ANGEBOT BEZIEHEN SICH DIE PREISE AUF AUFENTHALTE VON 3 ODER MEHR TAGEN IM DOPPELZIMMER MIT EIGENEM BADEZIMMER, FR\u00dcHST\u00dcCK, KOSTENLOSEM WIFI, HEIZUNG ODER KLIMAANLAGE<\/span><\/strong><\/p>\n<p><strong>Bereitstellung von Bettw\u00e4sche, t\u00e4gliche Reinigung, Safe, Haartrockner, K\u00fchlschrank mit Gefrierfach, Korb f\u00fcr schmutzige W\u00e4sche, Waschbecken und Bereich zum Aufh\u00e4ngen, maximale Autonomie, m\u00f6blierte Veranda mit Lounge zum Entspannen oder Rauchen oder Lesen, W\u00e4schewechsel alle 3\/4 Tage.<\/strong><\/p>\n<p><strong>Im Sommer haben Sie zur Verf\u00fcgung gestellt: Sonnenschirm, K\u00fchlbox, Eisplatten, Strand. Strandt\u00fccher auf Anfrage. Kostenlose Nutzung von Fahrr\u00e4dern auf Anfrage und Reservierung. Austausch von B\u00fcchern und Zeitschriften. Karten und Routen der Gegend. Reservierter Parkplatz f\u00fcr Motorr\u00e4der, Fahrr\u00e4der oder Roller. Autos auf dem Parkplatz vor der Struktur.<\/strong><\/p>\n<p><strong>Hilfe vor Ort. Signalisierung von vertrauensw\u00fcrdigen Orten, Veranstaltungen, Partys, Festivals etc &#8230;<\/strong><\/p>\n<p><strong>Herzhaftes oder glutenfreies Fr\u00fchst\u00fcck auf Anfrage<\/strong><\/p>\n<p><strong><a href=\"https:\/\/iun.gov.it\/E48133\">https:\/\/iun.gov.it\/E48133<\/a><\/strong><\/p>\n<p><strong>ANZAHL DER ERWACHSENEN, ANZAHL DER KINDER UND ALTER ANGEBEN (bei Unterbringung in Kinder- oder Zustellbetten)<\/strong><\/p>\n<p><strong>In \u00dcbereinstimmung mit der DSGVO, der neuen EU-Verordnung zum Schutz personenbezogener Daten, die seit dem 25. Mai 2018 in Kraft ist, respektieren wir bei BB I GERANI Ihre Privatsph\u00e4re:<\/strong><\/p>\n<p><strong>Ihre Daten werden nicht an Drittunternehmen weitergegeben. Sie werden in \u00dcbereinstimmung mit der geltenden Gesetzgebung nur vom Unterzeichneten und ausschlie\u00dflich zu dem Zweck verwaltet, Ihnen die von uns angeforderten Informationen \u00fcber die Website oder per privater E-Mail zuzusenden<\/strong><br \/>\n<strong>2. Indem Sie uns um Informationen zu Verf\u00fcgbarkeit, Gebiet, Veranstaltungen usw. bitten, stimmen Sie der Verarbeitung Ihrer Daten zu, die in keinem Fall an Dritte weitergegeben werden.<\/strong><br \/>\n<strong>3. Sie k\u00f6nnen Ihre Daten jederzeit \u00e4ndern oder sich abmelden, indem Sie uns eine E-Mail an bb.igerani@tiscali.it senden<\/strong><br \/>\n<strong>4. Sie k\u00f6nnen jederzeit weitere Informationen zur Verwendung Ihrer personenbezogenen Daten verlangen<\/strong><br \/>\n<strong>5. In Ihren E-Mails k\u00f6nnen Sie uns mitteilen, ob Sie mit der Verarbeitung personenbezogener Daten einverstanden sind, die jedoch nicht an Dritte weitergegeben werden.<\/strong><\/p>\n<p><strong>Danke f\u00fcr dein Vertrauen und deine Aufmerksamkeit, Annalisa<\/strong><\/p>","protected":false},"excerpt":{"rendered":"<p>\u00dcberpr\u00fcfen Sie LAST MINUTE und aktualisierte Angebote auf der HOMEPAGE oder fragen Sie uns nach einem pers\u00f6nlichen Angebot Im WINTER wird das Fr\u00fchst\u00fcck im Wohnzimmer serviert, gro\u00df und hell mit Musik. Im SOMMER wird das Fr\u00fchst\u00fcck im Garten mit Brot,<\/p>\n","protected":false},"author":1,"featured_media":0,"parent":0,"menu_order":0,"comment_status":"closed","ping_status":"closed","template":"","meta":[],"yoast_head":"<!-- This site is optimized with the Yoast SEO plugin v19.0 - https:\/\/yoast.com\/wordpress\/plugins\/seo\/ -->\r\n<title>Listino - I Gerani Bed and Breakfast<\/title>\r\n<meta name=\"robots\" content=\"index, follow, max-snippet:-1, max-image-preview:large, max-video-preview:-1\" \/>\r\n<link rel=\"canonical\" href=\"http:\/\/www.igeranibb.it\/de\/listino\/\" \/>\r\n<meta property=\"og:locale\" content=\"de_DE\" \/>\r\n<meta property=\"og:type\" content=\"article\" \/>\r\n<meta property=\"og:title\" content=\"Listino - I Gerani Bed and Breakfast\" \/>\r\n<meta property=\"og:description\" content=\"\u00dcberpr\u00fcfen Sie LAST MINUTE und aktualisierte Angebote auf der HOMEPAGE oder fragen Sie uns nach einem pers\u00f6nlichen Angebot Im WINTER wird das Fr\u00fchst\u00fcck im Wohnzimmer serviert, gro\u00df und hell mit Musik. Im SOMMER wird das Fr\u00fchst\u00fcck im Garten mit Brot,\" \/>\r\n<meta property=\"og:url\" content=\"http:\/\/www.igeranibb.it\/de\/listino\/\" \/>\r\n<meta property=\"og:site_name\" content=\"I Gerani Bed and Breakfast\" \/>\r\n<meta property=\"article:publisher\" content=\"https:\/\/www.facebook.com\/BB-I-GERANI-di-Posada-Sardegna-142974362460558\/?fref=ts\" \/>\r\n<meta property=\"article:modified_time\" content=\"2025-11-10T15:40:03+00:00\" \/>\r\n<meta property=\"og:image\" content=\"http:\/\/www.igeranibb.it\/public\/wp-content\/uploads\/2016\/06\/1a_beb1.jpg\" \/>\r\n<meta name=\"twitter:card\" content=\"summary\" \/>\r\n<meta name=\"twitter:label1\" content=\"Gesch\u00e4tzte Lesezeit\" \/>\n\t<meta name=\"twitter:data1\" content=\"4 Minuten\" \/>\r\n<script type=\"application\/ld+json\" class=\"yoast-schema-graph\">{\"@context\":\"https:\/\/schema.org\",\"@graph\":[{\"@type\":\"WebSite\",\"@id\":\"http:\/\/www.igeranibb.it\/de\/#website\",\"url\":\"http:\/\/www.igeranibb.it\/de\/\",\"name\":\"I Gerani Bed and Breakfast\",\"description\":\"\",\"potentialAction\":[{\"@type\":\"SearchAction\",\"target\":{\"@type\":\"EntryPoint\",\"urlTemplate\":\"http:\/\/www.igeranibb.it\/de\/?s={search_term_string}\"},\"query-input\":\"required name=search_term_string\"}],\"inLanguage\":\"de-DE\"},{\"@type\":\"WebPage\",\"@id\":\"http:\/\/www.igeranibb.it\/de\/listino\/#webpage\",\"url\":\"http:\/\/www.igeranibb.it\/de\/listino\/\",\"name\":\"Listino - I Gerani Bed and Breakfast\",\"isPartOf\":{\"@id\":\"http:\/\/www.igeranibb.it\/de\/#website\"},\"datePublished\":\"2016-06-28T17:36:41+00:00\",\"dateModified\":\"2025-11-10T15:40:03+00:00\",\"breadcrumb\":{\"@id\":\"http:\/\/www.igeranibb.it\/de\/listino\/#breadcrumb\"},\"inLanguage\":\"de-DE\",\"potentialAction\":[{\"@type\":\"ReadAction\",\"target\":[[\"http:\/\/www.igeranibb.it\/de\/listino\/\"]]}]},{\"@type\":\"BreadcrumbList\",\"@id\":\"http:\/\/www.igeranibb.it\/de\/listino\/#breadcrumb\",\"itemListElement\":[{\"@type\":\"ListItem\",\"position\":1,\"name\":\"Home\",\"item\":\"http:\/\/www.igeranibb.it\/de\/\"},{\"@type\":\"ListItem\",\"position\":2,\"name\":\"Listino\"}]}]}<\/script>\r\n<!-- \/ Yoast SEO plugin. -->","yoast_head_json":{"title":"Listino - I Gerani Bed and Breakfast","robots":{"index":"index","follow":"follow","max-snippet":"max-snippet:-1","max-image-preview":"max-image-preview:large","max-video-preview":"max-video-preview:-1"},"canonical":"http:\/\/www.igeranibb.it\/de\/listino\/","og_locale":"de_DE","og_type":"article","og_title":"Listino - I Gerani Bed and Breakfast","og_description":"\u00dcberpr\u00fcfen Sie LAST MINUTE und aktualisierte Angebote auf der HOMEPAGE oder fragen Sie uns nach einem pers\u00f6nlichen Angebot Im WINTER wird das Fr\u00fchst\u00fcck im Wohnzimmer serviert, gro\u00df und hell mit Musik. Im SOMMER wird das Fr\u00fchst\u00fcck im Garten mit Brot,","og_url":"http:\/\/www.igeranibb.it\/de\/listino\/","og_site_name":"I Gerani Bed and Breakfast","article_publisher":"https:\/\/www.facebook.com\/BB-I-GERANI-di-Posada-Sardegna-142974362460558\/?fref=ts","article_modified_time":"2025-11-10T15:40:03+00:00","og_image":[{"url":"http:\/\/www.igeranibb.it\/public\/wp-content\/uploads\/2016\/06\/1a_beb1.jpg"}],"twitter_card":"summary","twitter_misc":{"Gesch\u00e4tzte Lesezeit":"4 Minuten"},"schema":{"@context":"https:\/\/schema.org","@graph":[{"@type":"WebSite","@id":"http:\/\/www.igeranibb.it\/de\/#website","url":"http:\/\/www.igeranibb.it\/de\/","name":"I Gerani Bed and Breakfast","description":"","potentialAction":[{"@type":"SearchAction","target":{"@type":"EntryPoint","urlTemplate":"http:\/\/www.igeranibb.it\/de\/?s={search_term_string}"},"query-input":"required name=search_term_string"}],"inLanguage":"de-DE"},{"@type":"WebPage","@id":"http:\/\/www.igeranibb.it\/de\/listino\/#webpage","url":"http:\/\/www.igeranibb.it\/de\/listino\/","name":"Listino - I Gerani Bed and Breakfast","isPartOf":{"@id":"http:\/\/www.igeranibb.it\/de\/#website"},"datePublished":"2016-06-28T17:36:41+00:00","dateModified":"2025-11-10T15:40:03+00:00","breadcrumb":{"@id":"http:\/\/www.igeranibb.it\/de\/listino\/#breadcrumb"},"inLanguage":"de-DE","potentialAction":[{"@type":"ReadAction","target":[["http:\/\/www.igeranibb.it\/de\/listino\/"]]}]},{"@type":"BreadcrumbList","@id":"http:\/\/www.igeranibb.it\/de\/listino\/#breadcrumb","itemListElement":[{"@type":"ListItem","position":1,"name":"Home","item":"http:\/\/www.igeranibb.it\/de\/"},{"@type":"ListItem","position":2,"name":"Listino"}]}]}},"_links":{"self":[{"href":"http:\/\/www.igeranibb.it\/de\/wp-json\/wp\/v2\/pages\/123"}],"collection":[{"href":"http:\/\/www.igeranibb.it\/de\/wp-json\/wp\/v2\/pages"}],"about":[{"href":"http:\/\/www.igeranibb.it\/de\/wp-json\/wp\/v2\/types\/page"}],"author":[{"embeddable":true,"href":"http:\/\/www.igeranibb.it\/de\/wp-json\/wp\/v2\/users\/1"}],"replies":[{"embeddable":true,"href":"http:\/\/www.igeranibb.it\/de\/wp-json\/wp\/v2\/comments?post=123"}],"version-history":[{"count":73,"href":"http:\/\/www.igeranibb.it\/de\/wp-json\/wp\/v2\/pages\/123\/revisions"}],"predecessor-version":[{"id":5221,"href":"http:\/\/www.igeranibb.it\/de\/wp-json\/wp\/v2\/pages\/123\/revisions\/5221"}],"wp:attachment":[{"href":"http:\/\/www.igeranibb.it\/de\/wp-json\/wp\/v2\/media?parent=123"}],"curies":[{"name":"wp","href":"https:\/\/api.w.org\/{rel}","templated":true}]}}